{"id":3112,"date":"2022-01-12T09:48:11","date_gmt":"2022-01-12T08:48:11","guid":{"rendered":"https:\/\/f-sc.org\/centre-of-expertise-on-counter-terrorism-celt\/"},"modified":"2022-01-12T10:01:51","modified_gmt":"2022-01-12T09:01:51","slug":"centre-of-expertise-on-counter-terrorism-celt","status":"publish","type":"page","link":"https:\/\/f-sc.org\/en\/centre-of-expertise-on-counter-terrorism-celt\/","title":{"rendered":"Centre of Expertise on Counter-Terrorism CELT"},"content":{"rendered":"<section class=\"l-section wpb_row us_custom_0123c23b height_medium width_full with_img\"><div class=\"l-section-img lazyload\" role=\"img\" aria-label=\"Image\" data-img-width=\"612\" data-img-height=\"408\" style=\"background-image:inherit;background-position: top center;background-repeat: no-repeat;\" data-bg-image=\"url(https:\/\/f-sc.org\/wp-content\/uploads\/2021\/11\/istockphoto-1146899896-612x612-1.jpeg)\"><\/div><div class=\"l-section-overlay\" style=\"background:rgba(37,96,148,0.50)\"><\/div><div class=\"l-section-h i-cf\"><div class=\"g-cols vc_row via_grid cols_1 laptops-cols_inherit tablets-cols_inherit mobiles-cols_1 valign_middle type_default stacking_default\"><div class=\"wpb_column vc_column_container\"><div class=\"vc_column-inner\"><div class=\"ult-spacer spacer-69edd80d35140\" data-id=\"69edd80d35140\" data-height=\"70\" data-height-mobile=\"150\" data-height-tab=\"100\" data-height-tab-portrait=\"100\" data-height-mobile-landscape=\"150\" style=\"clear:both;display:block;\"><\/div>[vc_custom_heading text=&#8221;Centre of Expertise on Counter-Terrorism&#8221; font_container=&#8221;tag:h2|text_align:center|color:%23ffffff&#8221; use_theme_fonts=&#8221;yes&#8221; css_animation=&#8221;none&#8221; css=&#8221;%7B%22default%22%3A%7B%22font-weight%22%3A%22600%22%7D%7D&#8221;]<\/div><\/div><\/div><\/div><\/section><section class=\"l-section wpb_row height_medium\"><div class=\"l-section-h i-cf\"><div class=\"g-cols vc_row via_grid cols_1 laptops-cols_inherit tablets-cols_inherit mobiles-cols_1 valign_top type_default stacking_default\"><div class=\"wpb_column vc_column_container\"><div class=\"vc_column-inner\">[vc_custom_heading text=&#8221;Presentation&#8221; use_theme_fonts=&#8221;yes&#8221; css=&#8221;%7B%22default%22%3A%7B%22color%22%3A%22%23256094%22%2C%22font-family%22%3A%22body%22%2C%22font-weight%22%3A%22700%22%7D%7D&#8221; el_class=&#8221;decoration-block&#8221;]<div class=\"g-cols wpb_row via_grid cols_2-1 laptops-cols_inherit tablets-cols_inherit mobiles-cols_1 valign_middle type_default stacking_default\" style=\"--columns-gap:1rem;\"><div class=\"wpb_column vc_column_container\"><div class=\"vc_column-inner\"><div class=\"wpb_text_column\"><div class=\"wpb_wrapper\"><p>The Centre of Expertise on Counter-Terrorism (CELT) was created at the initiative of the \u00c9coles de Saint-Cyr Co\u00ebtquidan in December 2015, in partnership with the UN Security Council Counter-Terrorism Committee Executive Directorate (CTED), the Saint-Cyr Foundation and the SNCF. It is under the direction of Mr Jean-Paul Laborde, former Executive Director of the UN Counter-Terrorism Committee.<\/p>\n<\/div><\/div><\/div><\/div><div class=\"wpb_column vc_column_container\"><div class=\"vc_column-inner\"><div class=\"w-image align_center\"><div class=\"w-image-h\"><img decoding=\"async\" width=\"152\" height=\"141\" data-src=\"https:\/\/f-sc.org\/wp-content\/uploads\/2022\/01\/logo_-_copie_0_5x-9a812.png\" class=\"attachment-large size-large lazyload\" alt=\"\" src=\"data:image\/svg+xml;base64,PHN2ZyB3aWR0aD0iMSIgaGVpZ2h0PSIxIiB4bWxucz0iaHR0cDovL3d3dy53My5vcmcvMjAwMC9zdmciPjwvc3ZnPg==\" style=\"--smush-placeholder-width: 152px; --smush-placeholder-aspect-ratio: 152\/141;\" \/><\/div><\/div><\/div><\/div><\/div><\/div><\/div><\/div><\/div><\/section><section class=\"l-section wpb_row height_medium\"><div class=\"l-section-overlay\" style=\"background:rgba(245,245,245,0.80)\"><\/div><div class=\"l-section-h i-cf\"><div class=\"g-cols vc_row via_grid cols_1 laptops-cols_inherit tablets-cols_inherit mobiles-cols_1 valign_top type_default stacking_default\"><div class=\"wpb_column vc_column_container\"><div class=\"vc_column-inner\">[vc_custom_heading text=&#8221;Upcoming event&#8221; use_theme_fonts=&#8221;yes&#8221; css=&#8221;%7B%22default%22%3A%7B%22color%22%3A%22%23256094%22%2C%22font-family%22%3A%22body%22%7D%7D&#8221;]<div class=\"wpb_text_column\"><div class=\"wpb_wrapper\"><p><strong>9-10 March 2020:<\/strong> Workshop on &#8220;Combating the financing of terrorism&#8221; co-organised with the International Monetary Fund <strong>[REPORT\u00c9]<\/strong><\/p>\n<\/div><\/div><\/div><\/div><\/div><\/div><\/section><section class=\"l-section wpb_row height_medium\"><div class=\"l-section-overlay\" style=\"background:rgba(245,245,245,0.80)\"><\/div><div class=\"l-section-h i-cf\"><div class=\"g-cols vc_row via_grid cols_1 laptops-cols_inherit tablets-cols_inherit mobiles-cols_1 valign_top type_default stacking_default\"><div class=\"wpb_column vc_column_container\"><div class=\"vc_column-inner\">[vc_custom_heading text=&#8221;Past events&#8221; use_theme_fonts=&#8221;yes&#8221; css=&#8221;%7B%22default%22%3A%7B%22color%22%3A%22%23256094%22%2C%22font-family%22%3A%22body%22%7D%7D&#8221;]<div class=\"w-grid us_custom_618d8a8a type_carousel layout_2981 preload_style_spinner\" id=\"us_grid_1\"><style>.layout_2981 .w-grid-item-h{}.layout_2981 .usg_post_date_1{color:var(--color-content-faded)!important;font-size:0.9rem!important;padding-bottom:1%!important}.layout_2981 .usg_post_content_1{margin-top:0.5rem!important;margin-bottom:1rem!important;position:static!important}.layout_2981 .usg_post_title_1{position:static!important}<\/style><div class=\"w-grid-list owl-carousel valign_stretch dotstyle_circle navstyle_circle navpos_outside owl-responsive-2000 with_dots with_arrows\" style=\"--transition-duration:350ms;--arrows-size:1.5rem;\">\t<article class=\"w-grid-item post-3172 post type-post status-publish format-standard has-post-thumbnail hentry category-celt-en\" data-id=\"3172\">\r\n\t\t<div class=\"w-grid-item-h\">\r\n\t\t\t\t\t\t<time class=\"w-post-elm post_date usg_post_date_1 has_text_color entry-date published\" datetime=\"2022-01-12T10:19:46+01:00\"><i class=\"far fa-calendar-day\"><\/i>12 \/ 01 \/ 2022<\/time><h5 class=\"w-post-elm post_title usg_post_title_1 align_left entry-title color_link_inherit\"><a href=\"https:\/\/f-sc.org\/en\/organising-the-response\/\">Organising the response<\/a><\/h5><div class=\"w-post-elm post_content usg_post_content_1\">Developing applied research useful to the fight against terrorism implies associating the best contributors, both academically and operationally, and covering a broad spectrum, from the anticipation of terrorist acts to&hellip;<\/div>\t\t<\/div>\r\n\t\t\t<\/article>\r\n\t<article class=\"w-grid-item post-3166 post type-post status-publish format-standard hentry category-celt-en\" data-id=\"3166\">\r\n\t\t<div class=\"w-grid-item-h\">\r\n\t\t\t\t\t\t<time class=\"w-post-elm post_date usg_post_date_1 has_text_color entry-date published\" datetime=\"2022-01-12T10:18:59+01:00\"><i class=\"far fa-calendar-day\"><\/i>12 \/ 01 \/ 2022<\/time><h5 class=\"w-post-elm post_title usg_post_title_1 align_left entry-title color_link_inherit\"><a href=\"https:\/\/f-sc.org\/en\/conference-terrorism-radicalisation-psychological-trauma-and-resilience\/\">Conference &#8220;Terrorism, radicalisation: psychological trauma and resilience&#8221;.<\/a><\/h5><div class=\"w-post-elm post_content usg_post_content_1\">Developing applied research useful to the fight against terrorism implies associating the best contributors, both academically and operationally, and covering a broad spectrum, from the anticipation of terrorist acts to&hellip;<\/div>\t\t<\/div>\r\n\t\t\t<\/article>\r\n\t<article class=\"w-grid-item post-3157 post type-post status-publish format-standard hentry category-celt-en\" data-id=\"3157\">\r\n\t\t<div class=\"w-grid-item-h\">\r\n\t\t\t\t\t\t<time class=\"w-post-elm post_date usg_post_date_1 has_text_color entry-date published\" datetime=\"2022-01-12T10:16:20+01:00\"><i class=\"far fa-calendar-day\"><\/i>12 \/ 01 \/ 2022<\/time><h5 class=\"w-post-elm post_title usg_post_title_1 align_left entry-title color_link_inherit\"><a href=\"https:\/\/f-sc.org\/en\/colloquium-terrorism-factors-of-radicalisation-and-modes-of-response\/\">Colloquium &#8220;Terrorism: factors of radicalisation and modes of response&#8221;.<\/a><\/h5><div class=\"w-post-elm post_content usg_post_content_1\">Several tragic events have struck France and other countries, particularly since the beginning of 2015. The attacks that have been carried out are striking and maintain the feeling of insecurity.&hellip;<\/div>\t\t<\/div>\r\n\t\t\t<\/article>\r\n\t<article class=\"w-grid-item post-3151 post type-post status-publish format-standard hentry category-celt-en\" data-id=\"3151\">\r\n\t\t<div class=\"w-grid-item-h\">\r\n\t\t\t\t\t\t<time class=\"w-post-elm post_date usg_post_date_1 has_text_color entry-date published\" datetime=\"2022-01-12T10:14:04+01:00\"><i class=\"far fa-calendar-day\"><\/i>12 \/ 01 \/ 2022<\/time><h5 class=\"w-post-elm post_title usg_post_title_1 align_left entry-title color_link_inherit\"><a href=\"https:\/\/f-sc.org\/en\/the-militarisation-of-the-fight-against-terrorism\/\">The militarisation of the fight against terrorism<\/a><\/h5><div class=\"w-post-elm post_content usg_post_content_1\">Following the terrorist attacks of January 2015, the fight against terrorism on national territory has been militarised. The presence of military personnel operating within the framework of Operation Sentinel has&hellip;<\/div>\t\t<\/div>\r\n\t\t\t<\/article>\r\n\t<article class=\"w-grid-item post-3145 post type-post status-publish format-standard hentry category-celt-en\" data-id=\"3145\">\r\n\t\t<div class=\"w-grid-item-h\">\r\n\t\t\t\t\t\t<time class=\"w-post-elm post_date usg_post_date_1 has_text_color entry-date published\" datetime=\"2022-01-12T10:12:30+01:00\"><i class=\"far fa-calendar-day\"><\/i>12 \/ 01 \/ 2022<\/time><h5 class=\"w-post-elm post_title usg_post_title_1 align_left entry-title color_link_inherit\"><a href=\"https:\/\/f-sc.org\/en\/the-financing-of-terrorism\/\">The financing of terrorism<\/a><\/h5><div class=\"w-post-elm post_content usg_post_content_1\">CELT is organising a colloquium on 21 December for members of institutions contributing to the fight against terrorism to promote free and confidential exchanges on the financing of terrorism. This&hellip;<\/div>\t\t<\/div>\r\n\t\t\t<\/article>\r\n\t<article class=\"w-grid-item post-3142 post type-post status-publish format-standard hentry category-celt-en\" data-id=\"3142\">\r\n\t\t<div class=\"w-grid-item-h\">\r\n\t\t\t\t\t\t<time class=\"w-post-elm post_date usg_post_date_1 has_text_color entry-date published\" datetime=\"2022-01-12T10:11:09+01:00\"><i class=\"far fa-calendar-day\"><\/i>12 \/ 01 \/ 2022<\/time><h5 class=\"w-post-elm post_title usg_post_title_1 align_left entry-title color_link_inherit\"><a href=\"https:\/\/f-sc.org\/en\/colloquium-the-use-of-civil-military-means-in-the-fight-against-terrorism-on-national-territory\/\">Colloquium &#8220;The use of civil-military means in the fight against terrorism on national territory<\/a><\/h5><div class=\"w-post-elm post_content usg_post_content_1\">The attacks in Paris in 2015 and Nice in 2016 were extremely violent. The use of explosives and weapons of war by terrorists has created a situation of chaos on&hellip;<\/div>\t\t<\/div>\r\n\t\t\t<\/article>\r\n\t<article class=\"w-grid-item post-3136 post type-post status-publish format-standard hentry category-celt-en\" data-id=\"3136\">\r\n\t\t<div class=\"w-grid-item-h\">\r\n\t\t\t\t\t\t<time class=\"w-post-elm post_date usg_post_date_1 has_text_color entry-date published\" datetime=\"2022-01-12T10:08:25+01:00\"><i class=\"far fa-calendar-day\"><\/i>12 \/ 01 \/ 2022<\/time><h5 class=\"w-post-elm post_title usg_post_title_1 align_left entry-title color_link_inherit\"><a href=\"https:\/\/f-sc.org\/en\/colloquium-the-use-of-weapons\/\">Colloquium &#8220;The use of weapons&#8221;.<\/a><\/h5><div class=\"w-post-elm post_content usg_post_content_1\">Following the terrorist attacks of 2015 and 2016, the law aimed at strengthening the legal security of law enforcement interventions was enacted on 28 February 2017. The use of firearms&hellip;<\/div>\t\t<\/div>\r\n\t\t\t<\/article>\r\n\t<article class=\"w-grid-item post-3130 post type-post status-publish format-standard has-post-thumbnail hentry category-celt-en\" data-id=\"3130\">\r\n\t\t<div class=\"w-grid-item-h\">\r\n\t\t\t\t\t\t<time class=\"w-post-elm post_date usg_post_date_1 has_text_color entry-date published\" datetime=\"2022-01-12T10:06:03+01:00\"><i class=\"far fa-calendar-day\"><\/i>12 \/ 01 \/ 2022<\/time><h5 class=\"w-post-elm post_title usg_post_title_1 align_left entry-title color_link_inherit\"><a href=\"https:\/\/f-sc.org\/en\/workshop-the-fight-against-the-financing-of-terrorism\/\">Workshop &#8220;The fight against the financing of terrorism&#8221;.<\/a><\/h5><div class=\"w-post-elm post_content usg_post_content_1\">In order to continue the work already undertaken, CELT is co-organising with the International Monetary Fund two days of exchanges between international experts on the theme of the fight against&hellip;<\/div>\t\t<\/div>\r\n\t\t\t<\/article>\r\n<\/div>\t<div class=\"g-preloader type_1\">\r\n\t\t<div><\/div>\r\n\t<\/div>\r\n\t\t<div class=\"w-grid-json hidden\" onclick='return {&quot;action&quot;:&quot;us_ajax_grid&quot;,&quot;infinite_scroll&quot;:0,&quot;max_num_pages&quot;:1,&quot;pagination&quot;:&quot;none&quot;,&quot;template_vars&quot;:{&quot;columns&quot;:&quot;&quot;,&quot;exclude_items&quot;:&quot;none&quot;,&quot;img_size&quot;:&quot;default&quot;,&quot;ignore_items_size&quot;:0,&quot;items_layout&quot;:&quot;2981&quot;,&quot;items_offset&quot;:&quot;0px&quot;,&quot;load_animation&quot;:&quot;none&quot;,&quot;overriding_link&quot;:&quot;post&quot;,&quot;post_id&quot;:0,&quot;query_args&quot;:{&quot;post_type&quot;:[&quot;post&quot;],&quot;tax_query&quot;:[{&quot;taxonomy&quot;:&quot;category&quot;,&quot;field&quot;:&quot;slug&quot;,&quot;terms&quot;:[&quot;celt&quot;]}],&quot;post_status&quot;:[&quot;publish&quot;,&quot;acf-disabled&quot;],&quot;posts_per_page&quot;:999},&quot;orderby_query_args&quot;:{&quot;orderby&quot;:{&quot;date&quot;:&quot;DESC&quot;}},&quot;type&quot;:&quot;carousel&quot;,&quot;us_grid_post_type&quot;:&quot;post&quot;,&quot;us_grid_ajax_index&quot;:1,&quot;us_grid_filter_query_string&quot;:null,&quot;us_grid_index&quot;:1,&quot;page_args&quot;:[],&quot;lang&quot;:&quot;en&quot;},&quot;carousel_settings&quot;:{&quot;aria_labels&quot;:{&quot;prev&quot;:&quot;Previous&quot;,&quot;next&quot;:&quot;Next&quot;},&quot;autoplayContinual&quot;:false,&quot;autoplayHoverPause&quot;:false,&quot;autoplayTimeout&quot;:3000,&quot;autoWidth&quot;:false,&quot;smartSpeed&quot;:350,&quot;margin&quot;:0,&quot;mouseDrag&quot;:true,&quot;rtl&quot;:false,&quot;slideBy&quot;:&quot;1&quot;,&quot;touchDrag&quot;:true,&quot;slideTransition&quot;:&quot;&quot;,&quot;responsive&quot;:{&quot;0&quot;:{&quot;autoHeight&quot;:false,&quot;autoplay&quot;:true,&quot;autoWidth&quot;:false,&quot;center&quot;:false,&quot;dots&quot;:true,&quot;items&quot;:1,&quot;loop&quot;:true,&quot;nav&quot;:false,&quot;stagePadding&quot;:0,&quot;slideBy&quot;:&quot;1&quot;},&quot;321&quot;:{&quot;autoHeight&quot;:false,&quot;autoplay&quot;:true,&quot;autoWidth&quot;:false,&quot;center&quot;:false,&quot;dots&quot;:true,&quot;items&quot;:1,&quot;loop&quot;:true,&quot;nav&quot;:true,&quot;stagePadding&quot;:0,&quot;slideBy&quot;:&quot;1&quot;},&quot;981&quot;:{&quot;autoHeight&quot;:false,&quot;autoplay&quot;:true,&quot;autoWidth&quot;:false,&quot;center&quot;:false,&quot;dots&quot;:true,&quot;items&quot;:1,&quot;loop&quot;:true,&quot;nav&quot;:true,&quot;stagePadding&quot;:0,&quot;slideBy&quot;:&quot;1&quot;},&quot;1201&quot;:{&quot;items&quot;:1,&quot;autoplay&quot;:false,&quot;center&quot;:false,&quot;dots&quot;:true,&quot;nav&quot;:true,&quot;autoHeight&quot;:false,&quot;autoWidth&quot;:false,&quot;loop&quot;:true,&quot;stagePadding&quot;:0}}}}'><\/div>\r\n\t<\/div><\/div><\/div><\/div><\/div><\/section><section class=\"l-section wpb_row height_medium\"><div class=\"l-section-overlay\" style=\"background:rgba(245,245,245,0.80)\"><\/div><div class=\"l-section-h i-cf\"><div class=\"g-cols vc_row via_grid cols_1 laptops-cols_inherit tablets-cols_inherit mobiles-cols_1 valign_top type_default stacking_default\"><div class=\"wpb_column vc_column_container\"><div class=\"vc_column-inner\">[vc_custom_heading text=&#8221;Publications&#8221; use_theme_fonts=&#8221;yes&#8221; css=&#8221;%7B%22default%22%3A%7B%22color%22%3A%22%23256094%22%2C%22font-family%22%3A%22body%22%7D%7D&#8221;]<div class=\"wpb_text_column\"><div class=\"wpb_wrapper\"><p><a href=\"https:\/\/www.economica.fr\/livre-blessures-invisibles-et-terrorisme-doare-ronan-le-masson-jean-michel-sld,fr,4,9782717870251.cfm\"><em>Invisible Wounds and Terrorism<\/em><\/a> published by Economica (2018) under the direction of Ronan Doar\u00e9, Director General of Education and Research at the Saint-Cyr Co\u00ebtquidan schools, and Jean-Michel Le Masson, Head of the Zonal Health Service for the General Secretariat for Administration of the Ministry of the Interior.<br \/>\n<a href=\"https:\/\/www.youtube.com\/watch?v=hLig07iaBJ0\">Jean-Michel Le Masson presents the book on France 3 Bretagne<\/a><\/p>\n<p><a href=\"https:\/\/www.economica.fr\/livre-lutter-contre-le-terrorisme,fr,4,9782717869835.cfm\"><em>Fighting against terrorism<\/em><\/a> published by Economica (2017) edited by Eric Gh\u00e9rardi, Director General of Education and Research at the Saint-Cyr Co\u00ebtquidan schools, and Ronan Doar\u00e9, Director of the Saint-Cyr Co\u00ebtquidan schools research centre.<\/p>\n<p>Special issue on <a href=\"https:\/\/www.areion24.news\/produit\/dsi-hs-47\/\"><em>Terrorism, organising an effective response<\/em><\/a> of the magazine D\u00e9fense et S\u00e9curit\u00e9 Internationale (April 2016).<\/p>\n<\/div><\/div><\/div><\/div><\/div><\/div><\/section><section class=\"l-section wpb_row height_medium\"><div class=\"l-section-h i-cf\"><div class=\"g-cols vc_row via_grid cols_1 laptops-cols_inherit tablets-cols_inherit mobiles-cols_1 valign_top type_default stacking_default\"><div class=\"wpb_column vc_column_container\"><div class=\"vc_column-inner\">[vc_custom_heading text=&#8221;Newsletters&#8221; use_theme_fonts=&#8221;yes&#8221; el_class=&#8221;decoration-block-red&#8221; css=&#8221;%7B%22default%22%3A%7B%22color%22%3A%22%23962e2f%22%2C%22font-family%22%3A%22body%22%2C%22font-weight%22%3A%22700%22%7D%7D&#8221;]<div class=\"wpb_text_column\"><div class=\"wpb_wrapper\"><p><strong>June 2019:<\/strong> <a href=\"https:\/\/f-sc.org\/wp-content\/uploads\/2022\/01\/newsletter_celt_juin_2019.pdf\">Internal security<\/a><br \/>\n<strong>April 2019:<\/strong><a href=\"https:\/\/f-sc.org\/wp-content\/uploads\/2022\/01\/newsletter_celt_avril_2019.pdf\">&#8220;Returners&#8221; and &#8220;leavers&#8221;, how to respond to the unknown?<\/a><br \/>\n<strong>April 2018:<\/strong> <a href=\"https:\/\/f-sc.org\/wp-content\/uploads\/2022\/01\/newsletter_du_celt_avril2018.pdf\">The treatment of jihadists captured in Syria and Iraq<\/a><\/p>\n<\/div><\/div><\/div><\/div><\/div><\/div><\/section><section class=\"l-section wpb_row height_medium\"><div class=\"l-section-overlay\" style=\"background:rgba(245,245,245,0.80)\"><\/div><div class=\"l-section-h i-cf\"><div class=\"g-cols vc_row via_grid cols_1 laptops-cols_inherit tablets-cols_inherit mobiles-cols_1 valign_top type_default stacking_default\"><div class=\"wpb_column vc_column_container\"><div class=\"vc_column-inner\">[vc_custom_heading text=&#8221;Study reports&#8221; use_theme_fonts=&#8221;yes&#8221; css=&#8221;%7B%22default%22%3A%7B%22color%22%3A%22%23962e2f%22%2C%22font-family%22%3A%22body%22%7D%7D&#8221;]<div class=\"wpb_text_column\"><div class=\"wpb_wrapper\"><p><strong>2018 :<\/strong> The legal framework applicable within the SNCF to the hypotheses of agents in the process of radicalisation<br \/>\n<strong>2017 :<\/strong> Social acceptability of security measures by SNCF customers<\/p>\n<\/div><\/div><\/div><\/div><\/div><\/div><\/section><section class=\"l-section wpb_row height_medium\"><div class=\"l-section-overlay\" style=\"background:rgba(245,245,245,0.80)\"><\/div><div class=\"l-section-h i-cf\"><div class=\"g-cols vc_row via_grid cols_1 laptops-cols_inherit tablets-cols_inherit mobiles-cols_1 valign_top type_default stacking_default\"><div class=\"wpb_column vc_column_container\"><div class=\"vc_column-inner\">[vc_custom_heading text=&#8221;Other activities&#8221; use_theme_fonts=&#8221;yes&#8221; css=&#8221;%7B%22default%22%3A%7B%22color%22%3A%22%23962e2f%22%2C%22font-family%22%3A%22body%22%7D%7D&#8221;]<div class=\"wpb_text_column\"><div class=\"wpb_wrapper\"><p><strong>October 2019:<\/strong><br \/>\nSpeech by Ambassador Laborde on <a href=\"https:\/\/f-sc.org\/wp-content\/uploads\/2022\/01\/droit_humanitaire_jpl.pdf\">the application of international humanitarian law and human rights law in armed conflict<\/a> at an event organised by the Institute of humanitarian law and the international and comparative law research centre<br \/>\nSpeech by Ambassador Laborde on <a href=\"https:\/\/f-sc.org\/wp-content\/uploads\/2022\/01\/sochi_speech_jpl.pdf\">the fight against terrorism and cybercrime<\/a><\/p>\n<\/div><\/div><div class=\"wpb_text_column\"><div class=\"wpb_wrapper\"><p><strong>September 2019:<\/strong><br \/>\nSpeech by Ambassador Laborde on <a href=\"https:\/\/f-sc.org\/wp-content\/uploads\/2022\/01\/sochi_speech_jpl.pdf\">transnational criminal law<\/a>at the graduation ceremony of the ICT Toulouse<br \/>\nSpeech by Ambassador Laborde on the contribution of <a href=\"https:\/\/f-sc.org\/wp-content\/uploads\/2022\/01\/sochi_speech_jpl.pdf\">criminology to the fight against terrorism<\/a> at a congress organised by the Basque Association of Criminology<br \/>\nSpeech by Ambassador Laborde on <a href=\"https:\/\/f-sc.org\/wp-content\/uploads\/2022\/01\/introductory_statement_to_situation_in_libya.pdf\">the link between the situation in Libya, organised crime and terrorism<\/a> at a side event of the UN General Assembly<\/p>\n<\/div><\/div><div class=\"wpb_text_column\"><div class=\"wpb_wrapper\"><p><strong>June 2019:<\/strong><br \/>\n<a href=\"https:\/\/f-sc.org\/wp-content\/uploads\/2022\/01\/definition_of_terrorism_and_international_cooperation.final_.pdf\">Definition of terrorism and international cooperation<\/a> by Ambassador Laborde<br \/>\nIntervention of Ambassador Laborde at the joint meeting of the Parliamentary Assembly of the Mediterranean and the Grand National Assembly of Turkey on <a href=\"https:\/\/f-sc.org\/wp-content\/uploads\/2022\/01\/key_note_adress_ftf_ankara_jpl.pdf\">the prosecution and repatriation of CTEs<\/a><\/p>\n<\/div><\/div><div class=\"wpb_text_column\"><div class=\"wpb_wrapper\"><p><strong>April 2019:<\/strong><br \/>\nSpeech by Ambassador Laborde on <a href=\"https:\/\/f-sc.org\/wp-content\/uploads\/2022\/01\/key_note_adress_ftf.pdf\">jihadists, their families and returnees<\/a> at the Parliamentarians&#8217; Conference in St Petersburg<br \/>\nSynthesis on the <a href=\"https:\/\/f-sc.org\/wp-content\/uploads\/2022\/01\/synthese.pdf\">judicial treatment of the return of Foreign Fighters or &#8220;returnees&#8221; from Iraq and Syria to the national territory<\/a> by St\u00e9phane Baudens<br \/>\nInterview with Ambassador Laborde by M\u00e9lanie Crozat of S&amp;D Magazine on <a href=\"https:\/\/www.youtube.com\/watch?v=fOYB1QXRpFk&amp;list=PLatANBQoHhjJFu5X4IjaYNuekdH4HY_Zi&amp;index=15\">cyber, organised crime and terrorism<\/a><\/p>\n<\/div><\/div><div class=\"wpb_text_column\"><div class=\"wpb_wrapper\"><p><strong>February 2019 :<br \/>\n<\/strong> Hearing of Ambassador Laborde by the General Inspectorate of Finance for the preparation of the visit of the Gafi Mission in 2019 in order to assess France&#8217;s capacities in the fight against money laundering and terrorist financing<br \/>\nIntervention of Ambassador Laborde on <a href=\"https:\/\/f-sc.org\/wp-content\/uploads\/2022\/01\/introduction_gi_london_jpl.pdf\">transnational organised crime<\/a> for the Global Initiative against Organised Crime<\/p>\n<\/div><\/div><div class=\"wpb_text_column\"><div class=\"wpb_wrapper\"><p><strong>September 2018:<\/strong><br \/>\nSpeech by Ambassador Laborde at the <a href=\"https:\/\/f-sc.org\/wp-content\/uploads\/2022\/01\/speech_at_the_ga_event.pdf\">launch of the UN World Atlas of Illicit Flows<\/a><br \/>\nSpeech by Ambassador Laborde on <a href=\"https:\/\/f-sc.org\/wp-content\/uploads\/2022\/01\/speech_on_terrorism_and_arms_trafficking._1.pdf\">the links between arms trafficking and terrorism<\/a> at the International Conference on Combating Arms Trafficking in the Fight against International Terrorism in Moscow<\/p>\n<\/div><\/div><div class=\"wpb_text_column\"><div class=\"wpb_wrapper\"><p><strong>May 2018:<\/strong><br \/>\nInterview with Ambassador Laborde by M\u00e9lanie Crozat of S&amp;D Magazine <a href=\"https:\/\/www.youtube.com\/watch?v=Yy31HdA_3ZU&amp;feature=youtu.be\">on the fight against terrorism<\/a><br \/>\nIntervention of Ambassador Laborde on the <a href=\"https:\/\/f-sc.org\/wp-content\/uploads\/2022\/01\/intervention_ambassadeur_laborde-mai-2018.pdf\">responsibility for the crimes committed by Daech in Iraq<\/a><\/p>\n<\/div><\/div><div class=\"wpb_text_column\"><div class=\"wpb_wrapper\"><p><strong>November 2018:<br \/>\n<\/strong>Intervention by Ambassador Laborde on <a href=\"https:\/\/f-sc.org\/wp-content\/uploads\/2022\/01\/speech_international_conference_moscow_7-8_november.pdf\">the links between terrorism and transnational organised crime<\/a> on the occasion of the Moscow international conference on the fight against terrorism<\/p>\n<\/div><\/div><div class=\"wpb_text_column\"><div class=\"wpb_wrapper\"><p><strong>April 2018:<br \/>\n<\/strong> Summary of the <a href=\"https:\/\/f-sc.org\/wp-content\/uploads\/2022\/01\/summary_of_the_meeting_of.pdf\">Steering Committee meeting in the framework of the EU-UNODC initiative on strengthening the legal regime against forward terrorist fighters in the Middle East, North Africa and South East Europe<\/a> which Ambassador Laborde attended in Vienna.<br \/>\nAmbassador Laborde&#8217;s intervention in Vienna on <a href=\"https:\/\/f-sc.org\/wp-content\/uploads\/2022\/01\/intervention_ambassadeur_laborde-mai-2018-2.pdf\">the responsibility for the crimes committed by Daech in Iraq<\/a><br \/>\nSpeech by Ambassador Laborde at the conclusion of the Security Thursdays conference on the fight against terrorism<\/p>\n<\/div><\/div><div class=\"wpb_text_column\"><div class=\"wpb_wrapper\"><p><strong>March 2018:<br \/>\n<\/strong> Recommendations by Ambassador Jean-Paul Laborde <a href=\"https:\/\/f-sc.org\/wp-content\/uploads\/2022\/01\/evidences_collected_by_the_military.pdf\">on evidence collected by the military in the fight against terrorism<\/a><br \/>\nFollow CELT on social networks: <a href=\"https:\/\/twitter.com\/C_E_L_T?lang=fr\">Twitter<\/a> and <a href=\"https:\/\/www.linkedin.com\/company\/centre-d-expertise-lutte-contre-le-terrorisme\/\">LinkedIn<\/a><br \/>\nWe also invite you to follow the news and newsletters published by <a href=\"https:\/\/www.crsi-paris.fr\/\">the Centre de R\u00e9flexion sur la S\u00e9curit\u00e9 Int\u00e9rieure (CRSI)<\/a><\/p>\n<\/div><\/div><\/div><\/div><\/div><\/div><\/section>\n","protected":false},"excerpt":{"rendered":"In order to continue the work already undertaken, CELT is co-organising with the International Monetary Fund two days of exchanges between international experts on the theme of the fight against the financing of terrorism. They will be followed by the publication of a reference book. Different themes will be addressed: Understanding the workings of networks...","protected":false},"author":2,"featured_media":0,"parent":0,"menu_order":0,"comment_status":"closed","ping_status":"closed","template":"","meta":{"_acf_changed":false,"inline_featured_image":false,"footnotes":""},"class_list":["post-3112","page","type-page","status-publish","hentry"],"acf":[],"yoast_head":"<!-- This site is optimized with the Yoast SEO plugin v27.4 - https:\/\/yoast.com\/product\/yoast-seo-wordpress\/ -->\n<title>Fondation Saint-Cyr - Centre of Expertise on Counter-Terrorism<\/title>\n<meta name=\"description\" content=\"Centre d&#039;expertise terrorisme CELT, Centre d&#039;Expertise sur la Lutte contre le Terrorisme (CELT) was created at the initiative of the \u00c9coles St-Cyr\" \/>\n<meta name=\"robots\" content=\"index, follow, max-snippet:-1, max-image-preview:large, max-video-preview:-1\" \/>\n<link rel=\"canonical\" href=\"https:\/\/f-sc.org\/en\/centre-of-expertise-on-counter-terrorism-celt\/\" \/>\n<meta property=\"og:locale\" content=\"en_US\" \/>\n<meta property=\"og:type\" content=\"article\" \/>\n<meta property=\"og:title\" content=\"Fondation Saint-Cyr - Centre of Expertise on Counter-Terrorism\" \/>\n<meta property=\"og:description\" content=\"Centre d&#039;expertise terrorisme CELT, Centre d&#039;Expertise sur la Lutte contre le Terrorisme (CELT) was created at the initiative of the \u00c9coles St-Cyr\" \/>\n<meta property=\"og:url\" content=\"https:\/\/f-sc.org\/en\/centre-of-expertise-on-counter-terrorism-celt\/\" \/>\n<meta property=\"og:site_name\" content=\"Fondation Saint-Cyr\" \/>\n<meta property=\"article:modified_time\" content=\"2022-01-12T09:01:51+00:00\" \/>\n<meta name=\"twitter:card\" content=\"summary_large_image\" \/>\n<meta name=\"twitter:label1\" content=\"Est. reading time\" \/>\n\t<meta name=\"twitter:data1\" content=\"6 minutes\" \/>\n<script type=\"application\/ld+json\" class=\"yoast-schema-graph\">{\"@context\":\"https:\\\/\\\/schema.org\",\"@graph\":[{\"@type\":\"WebPage\",\"@id\":\"https:\\\/\\\/f-sc.org\\\/en\\\/centre-of-expertise-on-counter-terrorism-celt\\\/\",\"url\":\"https:\\\/\\\/f-sc.org\\\/en\\\/centre-of-expertise-on-counter-terrorism-celt\\\/\",\"name\":\"Fondation Saint-Cyr - Centre of Expertise on Counter-Terrorism\",\"isPartOf\":{\"@id\":\"https:\\\/\\\/f-sc.org\\\/#website\"},\"datePublished\":\"2022-01-12T08:48:11+00:00\",\"dateModified\":\"2022-01-12T09:01:51+00:00\",\"description\":\"Centre d'expertise terrorisme CELT, Centre d'Expertise sur la Lutte contre le Terrorisme (CELT) was created at the initiative of the \u00c9coles St-Cyr\",\"breadcrumb\":{\"@id\":\"https:\\\/\\\/f-sc.org\\\/en\\\/centre-of-expertise-on-counter-terrorism-celt\\\/#breadcrumb\"},\"inLanguage\":\"en-US\",\"potentialAction\":[{\"@type\":\"ReadAction\",\"target\":[\"https:\\\/\\\/f-sc.org\\\/en\\\/centre-of-expertise-on-counter-terrorism-celt\\\/\"]}]},{\"@type\":\"BreadcrumbList\",\"@id\":\"https:\\\/\\\/f-sc.org\\\/en\\\/centre-of-expertise-on-counter-terrorism-celt\\\/#breadcrumb\",\"itemListElement\":[{\"@type\":\"ListItem\",\"position\":1,\"name\":\"Accueil\",\"item\":\"https:\\\/\\\/f-sc.org\\\/en\\\/saint-cyr-foundation\\\/\"},{\"@type\":\"ListItem\",\"position\":2,\"name\":\"Centre of Expertise on Counter-Terrorism CELT\"}]},{\"@type\":\"WebSite\",\"@id\":\"https:\\\/\\\/f-sc.org\\\/#website\",\"url\":\"https:\\\/\\\/f-sc.org\\\/\",\"name\":\"Fondation Saint-Cyr\",\"description\":\"\",\"publisher\":{\"@id\":\"https:\\\/\\\/f-sc.org\\\/#organization\"},\"potentialAction\":[{\"@type\":\"SearchAction\",\"target\":{\"@type\":\"EntryPoint\",\"urlTemplate\":\"https:\\\/\\\/f-sc.org\\\/?s={search_term_string}\"},\"query-input\":{\"@type\":\"PropertyValueSpecification\",\"valueRequired\":true,\"valueName\":\"search_term_string\"}}],\"inLanguage\":\"en-US\"},{\"@type\":\"Organization\",\"@id\":\"https:\\\/\\\/f-sc.org\\\/#organization\",\"name\":\"Fondation Saint-Cyr\",\"url\":\"https:\\\/\\\/f-sc.org\\\/\",\"logo\":{\"@type\":\"ImageObject\",\"inLanguage\":\"en-US\",\"@id\":\"https:\\\/\\\/f-sc.org\\\/#\\\/schema\\\/logo\\\/image\\\/\",\"url\":\"https:\\\/\\\/f-sc.org\\\/wp-content\\\/uploads\\\/2021\\\/10\\\/SC-Fondation.png\",\"contentUrl\":\"https:\\\/\\\/f-sc.org\\\/wp-content\\\/uploads\\\/2021\\\/10\\\/SC-Fondation.png\",\"width\":500,\"height\":164,\"caption\":\"Fondation Saint-Cyr\"},\"image\":{\"@id\":\"https:\\\/\\\/f-sc.org\\\/#\\\/schema\\\/logo\\\/image\\\/\"}}]}<\/script>\n<!-- \/ Yoast SEO plugin. -->","yoast_head_json":{"title":"Fondation Saint-Cyr - Centre of Expertise on Counter-Terrorism","description":"Centre d'expertise terrorisme CELT, Centre d'Expertise sur la Lutte contre le Terrorisme (CELT) was created at the initiative of the \u00c9coles St-Cyr","robots":{"index":"index","follow":"follow","max-snippet":"max-snippet:-1","max-image-preview":"max-image-preview:large","max-video-preview":"max-video-preview:-1"},"canonical":"https:\/\/f-sc.org\/en\/centre-of-expertise-on-counter-terrorism-celt\/","og_locale":"en_US","og_type":"article","og_title":"Fondation Saint-Cyr - Centre of Expertise on Counter-Terrorism","og_description":"Centre d'expertise terrorisme CELT, Centre d'Expertise sur la Lutte contre le Terrorisme (CELT) was created at the initiative of the \u00c9coles St-Cyr","og_url":"https:\/\/f-sc.org\/en\/centre-of-expertise-on-counter-terrorism-celt\/","og_site_name":"Fondation Saint-Cyr","article_modified_time":"2022-01-12T09:01:51+00:00","twitter_card":"summary_large_image","twitter_misc":{"Est. reading time":"6 minutes"},"schema":{"@context":"https:\/\/schema.org","@graph":[{"@type":"WebPage","@id":"https:\/\/f-sc.org\/en\/centre-of-expertise-on-counter-terrorism-celt\/","url":"https:\/\/f-sc.org\/en\/centre-of-expertise-on-counter-terrorism-celt\/","name":"Fondation Saint-Cyr - Centre of Expertise on Counter-Terrorism","isPartOf":{"@id":"https:\/\/f-sc.org\/#website"},"datePublished":"2022-01-12T08:48:11+00:00","dateModified":"2022-01-12T09:01:51+00:00","description":"Centre d'expertise terrorisme CELT, Centre d'Expertise sur la Lutte contre le Terrorisme (CELT) was created at the initiative of the \u00c9coles St-Cyr","breadcrumb":{"@id":"https:\/\/f-sc.org\/en\/centre-of-expertise-on-counter-terrorism-celt\/#breadcrumb"},"inLanguage":"en-US","potentialAction":[{"@type":"ReadAction","target":["https:\/\/f-sc.org\/en\/centre-of-expertise-on-counter-terrorism-celt\/"]}]},{"@type":"BreadcrumbList","@id":"https:\/\/f-sc.org\/en\/centre-of-expertise-on-counter-terrorism-celt\/#breadcrumb","itemListElement":[{"@type":"ListItem","position":1,"name":"Accueil","item":"https:\/\/f-sc.org\/en\/saint-cyr-foundation\/"},{"@type":"ListItem","position":2,"name":"Centre of Expertise on Counter-Terrorism CELT"}]},{"@type":"WebSite","@id":"https:\/\/f-sc.org\/#website","url":"https:\/\/f-sc.org\/","name":"Fondation Saint-Cyr","description":"","publisher":{"@id":"https:\/\/f-sc.org\/#organization"},"potentialAction":[{"@type":"SearchAction","target":{"@type":"EntryPoint","urlTemplate":"https:\/\/f-sc.org\/?s={search_term_string}"},"query-input":{"@type":"PropertyValueSpecification","valueRequired":true,"valueName":"search_term_string"}}],"inLanguage":"en-US"},{"@type":"Organization","@id":"https:\/\/f-sc.org\/#organization","name":"Fondation Saint-Cyr","url":"https:\/\/f-sc.org\/","logo":{"@type":"ImageObject","inLanguage":"en-US","@id":"https:\/\/f-sc.org\/#\/schema\/logo\/image\/","url":"https:\/\/f-sc.org\/wp-content\/uploads\/2021\/10\/SC-Fondation.png","contentUrl":"https:\/\/f-sc.org\/wp-content\/uploads\/2021\/10\/SC-Fondation.png","width":500,"height":164,"caption":"Fondation Saint-Cyr"},"image":{"@id":"https:\/\/f-sc.org\/#\/schema\/logo\/image\/"}}]}},"_links":{"self":[{"href":"https:\/\/f-sc.org\/en\/wp-json\/wp\/v2\/pages\/3112","targetHints":{"allow":["GET"]}}],"collection":[{"href":"https:\/\/f-sc.org\/en\/wp-json\/wp\/v2\/pages"}],"about":[{"href":"https:\/\/f-sc.org\/en\/wp-json\/wp\/v2\/types\/page"}],"author":[{"embeddable":true,"href":"https:\/\/f-sc.org\/en\/wp-json\/wp\/v2\/users\/2"}],"replies":[{"embeddable":true,"href":"https:\/\/f-sc.org\/en\/wp-json\/wp\/v2\/comments?post=3112"}],"version-history":[{"count":5,"href":"https:\/\/f-sc.org\/en\/wp-json\/wp\/v2\/pages\/3112\/revisions"}],"predecessor-version":[{"id":3129,"href":"https:\/\/f-sc.org\/en\/wp-json\/wp\/v2\/pages\/3112\/revisions\/3129"}],"wp:attachment":[{"href":"https:\/\/f-sc.org\/en\/wp-json\/wp\/v2\/media?parent=3112"}],"curies":[{"name":"wp","href":"https:\/\/api.w.org\/{rel}","templated":true}]}}